{"id":17977,"date":"2018-02-13T19:25:50","date_gmt":"2018-02-13T18:25:50","guid":{"rendered":"https:\/\/directcoffee.net\/vraie-durabilite\/voyage-aux-origines-du-cafe\/"},"modified":"2022-01-27T11:15:07","modified_gmt":"2022-01-27T10:15:07","slug":"voyage-aux-origines-du-cafe","status":"publish","type":"page","link":"https:\/\/directcoffee.net\/fr\/vraie-durabilite\/voyage-aux-origines-du-cafe\/","title":{"rendered":"Voyage aux origines du caf\u00e9"},"content":{"rendered":"<p><div class=\"fusion-fullwidth fullwidth-box fusion-builder-row-1 hundred-percent-fullwidth non-hundred-percent-height-scrolling\" style=\"--awb-border-sizes-top:0px;--awb-border-sizes-bottom:0px;--awb-border-sizes-left:0px;--awb-border-sizes-right:0px;--awb-border-radius-top-left:0px;--awb-border-radius-top-right:0px;--awb-border-radius-bottom-right:0px;--awb-border-radius-bottom-left:0px;--awb-padding-right:30px;--awb-padding-left:30px;--awb-flex-wrap:wrap;\" ><div class=\"fusion-builder-row fusion-row\"><div class=\"fusion-layout-column fusion_builder_column fusion-builder-column-0 fusion_builder_column_1_1 1_1 fusion-one-full fusion-column-first fusion-column-last\" style=\"--awb-padding-top:70px;--awb-padding-bottom:10px;--awb-bg-size:cover;\"><div class=\"fusion-column-wrapper fusion-flex-column-wrapper-legacy\"><div class=\"fusion-title title fusion-title-1 fusion-sep-none fusion-title-text fusion-title-size-one\"><h1 class=\"fusion-title-heading title-heading-left\" style=\"margin:0;\">Venez avec nous pour un voyage aux origines du caf\u00e9<\/h1><\/div><div class=\"fusion-clearfix\"><\/div><\/div><\/div><div class=\"fusion-layout-column fusion_builder_column fusion-builder-column-1 fusion_builder_column_1_4 1_4 fusion-one-fourth fusion-column-first\" style=\"--awb-padding-top:70px;--awb-padding-bottom:10px;--awb-bg-size:cover;width:25%;width:calc(25% - ( ( 4% + 4% ) * 0.25 ) );margin-right: 4%;\"><div class=\"fusion-column-wrapper fusion-flex-column-wrapper-legacy\"><div class=\"fusion-clearfix\"><\/div><\/div><\/div><div class=\"fusion-layout-column fusion_builder_column fusion-builder-column-2 fusion_builder_column_1_2 1_2 fusion-one-half stylec\" style=\"--awb-padding-top:0px;--awb-padding-bottom:40px;--awb-bg-size:cover;width:50%;width:calc(50% - ( ( 4% + 4% ) * 0.5 ) );margin-right: 4%;\"><div class=\"fusion-column-wrapper fusion-flex-column-wrapper-legacy\"><div class=\"fusion-text fusion-text-1\"><p style=\"text-align: center;\">Venez avec nous en Ethiopie!<br \/>\nD\u00e9couvrez o\u00f9 votre caf\u00e9 pousse et qui sont les hommes et les femmes qui le cultivent.<\/p>\n<\/div><div class=\"fusion-clearfix\"><\/div><\/div><\/div><div class=\"fusion-layout-column fusion_builder_column fusion-builder-column-3 fusion_builder_column_1_4 1_4 fusion-one-fourth fusion-column-last\" style=\"--awb-padding-top:70px;--awb-padding-bottom:10px;--awb-bg-size:cover;width:25%;width:calc(25% - ( ( 4% + 4% ) * 0.25 ) );\"><div class=\"fusion-column-wrapper fusion-flex-column-wrapper-legacy\"><div class=\"fusion-clearfix\"><\/div><\/div><\/div><div class=\"fusion-layout-column fusion_builder_column fusion-builder-column-4 fusion_builder_column_1_2 1_2 fusion-one-half fusion-column-first\" style=\"--awb-bg-size:cover;width:48%; margin-right: 4%;\"><div class=\"fusion-column-wrapper fusion-flex-column-wrapper-legacy\"><div class=\"fusion-text fusion-text-2\"><p>En novembre-d\u00e9cembre, lorsque les arbres de caf\u00e9 se plient sous le poids des cerises de caf\u00e9 vertes, oranges et rouges, nous emmenons avec nous cinq \u00e0 dix curieux pour d\u00e9couvrir les origines du caf\u00e9 en \u00c9thiopie. Par ce voyage, nous voulons \u00e9tablir un lien direct entre les producteurs de caf\u00e9 en Ethiopie et les buveurs de caf\u00e9 en Suisse.<\/p>\n<p>Et quoi de plus direct qu\u2019une rencontre en chair et en os? Autour d\u2019un caf\u00e9, lors d\u2019une randonn\u00e9e dans les for\u00eats montagneuses \u00e9thiopiennes, ou pendant la cueillette. Ou encore mieux, tous les trois !<\/p>\n<p>Quelques t\u00e9moignages du dernier voyage:<\/p>\n<\/div><div class=\"fusion-text fusion-text-3\"><p><em>\u00ab Le voyage \u00e9tait une suite de moments forts. Ce qui m&rsquo;a beaucoup impressionn\u00e9, c&rsquo;est le contact \u00e9troit avec les coop\u00e9ratives, mais aussi de suivre le parcours du caf\u00e9 depuis sa cueillette jusqu\u2019\u00e0 sa mise en vente \u00e0 la bourse. \u00bb<\/em><br \/>\nHannes, voyageur en 2017<\/p>\n<\/div><div class=\"fusion-text fusion-text-4\"><p><em>\u00ab L\u2019atmosph\u00e8re \u00e9tait incroyablement chaleureuse et nous avons litt\u00e9ralement explor\u00e9 les origines du caf\u00e9. J&rsquo;ai rarement pu partager une telle exp\u00e9rience. \u00bb<\/em><br \/>\nMohaya, voyageur en 2017<\/p>\n<\/div><div class=\"fusion-clearfix\"><\/div><\/div><\/div><div class=\"fusion-layout-column fusion_builder_column fusion-builder-column-5 fusion_builder_column_1_2 1_2 fusion-one-half fusion-column-last\" style=\"--awb-bg-size:cover;width:48%;\"><div class=\"fusion-column-wrapper fusion-flex-column-wrapper-legacy\"><div class=\"awb-gallery-wrapper awb-gallery-wrapper-1 button-span-no\"><div style=\"margin:-5px;--awb-bordersize:0px;\" class=\"fusion-gallery fusion-gallery-container fusion-grid-3 fusion-columns-total-12 fusion-gallery-layout-grid fusion-gallery-1\"><div style=\"padding:5px;\" class=\"fusion-grid-column fusion-gallery-column fusion-gallery-column-3 hover-type-none\"><div class=\"fusion-gallery-image\"><a href=\"https:\/\/directcoffee.net\/wp-content\/uploads\/2017\/08\/Selber-mitmachen-bei-der-Kaffeeernte.jpg\" target=\"_self\"><img decoding=\"async\" src=\"https:\/\/directcoffee.net\/wp-content\/uploads\/2017\/08\/Selber-mitmachen-bei-der-Kaffeeernte.jpg\" width=\"960\" height=\"640\" alt=\"\" title=\"Mettre la main \u00e0 la p\u00e2te pendant la r\u00e9colte et la transformation du caf\u00e9\" aria-label=\"Mettre la main \u00e0 la p\u00e2te pendant la r\u00e9colte et la transformation du caf\u00e9\" class=\"img-responsive wp-image-17877\" srcset=\"https:\/\/directcoffee.net\/wp-content\/uploads\/2017\/08\/Selber-mitmachen-bei-der-Kaffeeernte-200x133.jpg 200w, https:\/\/directcoffee.net\/wp-content\/uploads\/2017\/08\/Selber-mitmachen-bei-der-Kaffeeernte-400x267.jpg 400w, https:\/\/directcoffee.net\/wp-content\/uploads\/2017\/08\/Selber-mitmachen-bei-der-Kaffeeernte-600x400.jpg 600w, https:\/\/directcoffee.net\/wp-content\/uploads\/2017\/08\/Selber-mitmachen-bei-der-Kaffeeernte-800x533.jpg 800w, https:\/\/directcoffee.net\/wp-content\/uploads\/2017\/08\/Selber-mitmachen-bei-der-Kaffeeernte.jpg 960w\" sizes=\"(min-width: 2200px) 100vw, (min-width: 784px) 363px, (min-width: 712px) 545px, (min-width: 640px) 712px, \" \/><\/a><\/div><\/div><div style=\"padding:5px;\" class=\"fusion-grid-column fusion-gallery-column fusion-gallery-column-3 hover-type-none\"><div class=\"fusion-gallery-image\"><a href=\"https:\/\/directcoffee.net\/wp-content\/uploads\/2017\/08\/Sonnenaufgang-\u00fcber-dem-Kaffeewald.jpg\" target=\"_self\"><img decoding=\"async\" src=\"https:\/\/directcoffee.net\/wp-content\/uploads\/2017\/08\/Sonnenaufgang-\u00fcber-dem-Kaffeewald.jpg\" width=\"700\" height=\"467\" alt=\"\" title=\"Lever de soleil sur les for\u00eats de caf\u00e9\" aria-label=\"Lever de soleil sur les for\u00eats de caf\u00e9\" class=\"img-responsive wp-image-17898\" srcset=\"https:\/\/directcoffee.net\/wp-content\/uploads\/2017\/08\/Sonnenaufgang-\u00fcber-dem-Kaffeewald-200x133.jpg 200w, https:\/\/directcoffee.net\/wp-content\/uploads\/2017\/08\/Sonnenaufgang-\u00fcber-dem-Kaffeewald-400x267.jpg 400w, https:\/\/directcoffee.net\/wp-content\/uploads\/2017\/08\/Sonnenaufgang-\u00fcber-dem-Kaffeewald-600x400.jpg 600w, https:\/\/directcoffee.net\/wp-content\/uploads\/2017\/08\/Sonnenaufgang-\u00fcber-dem-Kaffeewald.jpg 700w\" sizes=\"(min-width: 2200px) 100vw, (min-width: 784px) 363px, (min-width: 712px) 545px, (min-width: 640px) 712px, \" \/><\/a><\/div><\/div><div style=\"padding:5px;\" class=\"fusion-grid-column fusion-gallery-column fusion-gallery-column-3 hover-type-none\"><div class=\"fusion-gallery-image\"><a href=\"https:\/\/directcoffee.net\/wp-content\/uploads\/2017\/08\/Stolze-Kaffeeb\u00e4uerin.jpg\" target=\"_self\"><img decoding=\"async\" src=\"https:\/\/directcoffee.net\/wp-content\/uploads\/2017\/08\/Stolze-Kaffeeb\u00e4uerin.jpg\" width=\"640\" height=\"960\" alt=\"\" title=\"Une productrice \u00e9thiopienne fi\u00e8re de sa r\u00e9colte\" aria-label=\"Une productrice \u00e9thiopienne fi\u00e8re de sa r\u00e9colte\" class=\"img-responsive wp-image-17910\" srcset=\"https:\/\/directcoffee.net\/wp-content\/uploads\/2017\/08\/Stolze-Kaffeeb\u00e4uerin-200x300.jpg 200w, https:\/\/directcoffee.net\/wp-content\/uploads\/2017\/08\/Stolze-Kaffeeb\u00e4uerin-400x600.jpg 400w, https:\/\/directcoffee.net\/wp-content\/uploads\/2017\/08\/Stolze-Kaffeeb\u00e4uerin-600x900.jpg 600w, https:\/\/directcoffee.net\/wp-content\/uploads\/2017\/08\/Stolze-Kaffeeb\u00e4uerin.jpg 640w\" sizes=\"(min-width: 2200px) 100vw, (min-width: 784px) 363px, (min-width: 712px) 545px, (min-width: 640px) 712px, \" \/><\/a><\/div><\/div><div class=\"clearfix\"><\/div><div style=\"padding:5px;\" class=\"fusion-grid-column fusion-gallery-column fusion-gallery-column-3 hover-type-none\"><div class=\"fusion-gallery-image\"><a href=\"https:\/\/directcoffee.net\/wp-content\/uploads\/2017\/08\/Treffen-mit-den-Kaffeeb\u00e4uerinnen-1.jpg\" target=\"_self\"><img decoding=\"async\" src=\"https:\/\/directcoffee.net\/wp-content\/uploads\/2017\/08\/Treffen-mit-den-Kaffeeb\u00e4uerinnen-1.jpg\" width=\"1776\" height=\"1184\" alt=\"\" title=\"Rencontre avec les productrices de caf\u00e9\" aria-label=\"Rencontre avec les productrices de caf\u00e9\" class=\"img-responsive wp-image-17886\" srcset=\"https:\/\/directcoffee.net\/wp-content\/uploads\/2017\/08\/Treffen-mit-den-Kaffeeb\u00e4uerinnen-1-200x133.jpg 200w, https:\/\/directcoffee.net\/wp-content\/uploads\/2017\/08\/Treffen-mit-den-Kaffeeb\u00e4uerinnen-1-400x267.jpg 400w, https:\/\/directcoffee.net\/wp-content\/uploads\/2017\/08\/Treffen-mit-den-Kaffeeb\u00e4uerinnen-1-600x400.jpg 600w, https:\/\/directcoffee.net\/wp-content\/uploads\/2017\/08\/Treffen-mit-den-Kaffeeb\u00e4uerinnen-1-800x533.jpg 800w, https:\/\/directcoffee.net\/wp-content\/uploads\/2017\/08\/Treffen-mit-den-Kaffeeb\u00e4uerinnen-1-1200x800.jpg 1200w, https:\/\/directcoffee.net\/wp-content\/uploads\/2017\/08\/Treffen-mit-den-Kaffeeb\u00e4uerinnen-1.jpg 1776w\" sizes=\"(min-width: 2200px) 100vw, (min-width: 784px) 363px, (min-width: 712px) 545px, (min-width: 640px) 712px, \" \/><\/a><\/div><\/div><div style=\"padding:5px;\" class=\"fusion-grid-column fusion-gallery-column fusion-gallery-column-3 hover-type-none\"><div class=\"fusion-gallery-image\"><a href=\"https:\/\/directcoffee.net\/wp-content\/uploads\/2017\/08\/Nachts-bei-der-Nassm\u00fchle.jpg\" target=\"_self\"><img decoding=\"async\" src=\"https:\/\/directcoffee.net\/wp-content\/uploads\/2017\/08\/Nachts-bei-der-Nassm\u00fchle.jpg\" width=\"700\" height=\"467\" alt=\"\" title=\"La nuit sur le moulin \u00e0 d\u00e9pulper\" aria-label=\"La nuit sur le moulin \u00e0 d\u00e9pulper\" class=\"img-responsive wp-image-17895\" srcset=\"https:\/\/directcoffee.net\/wp-content\/uploads\/2017\/08\/Nachts-bei-der-Nassm\u00fchle-200x133.jpg 200w, https:\/\/directcoffee.net\/wp-content\/uploads\/2017\/08\/Nachts-bei-der-Nassm\u00fchle-400x267.jpg 400w, https:\/\/directcoffee.net\/wp-content\/uploads\/2017\/08\/Nachts-bei-der-Nassm\u00fchle-600x400.jpg 600w, https:\/\/directcoffee.net\/wp-content\/uploads\/2017\/08\/Nachts-bei-der-Nassm\u00fchle.jpg 700w\" sizes=\"(min-width: 2200px) 100vw, (min-width: 784px) 363px, (min-width: 712px) 545px, (min-width: 640px) 712px, \" \/><\/a><\/div><\/div><div style=\"padding:5px;\" class=\"fusion-grid-column fusion-gallery-column fusion-gallery-column-3 hover-type-none\"><div class=\"fusion-gallery-image\"><a href=\"https:\/\/directcoffee.net\/wp-content\/uploads\/2017\/08\/Kaffee-direkt-vom-Baum-in-die-Tasse.jpg\" target=\"_self\"><img decoding=\"async\" src=\"https:\/\/directcoffee.net\/wp-content\/uploads\/2017\/08\/Kaffee-direkt-vom-Baum-in-die-Tasse.jpg\" width=\"640\" height=\"960\" alt=\"\" title=\"Caf\u00e9 directement de l&rsquo;arbre \u00e0 la tasse\" aria-label=\"Caf\u00e9 directement de l&rsquo;arbre \u00e0 la tasse\" class=\"img-responsive wp-image-17907\" srcset=\"https:\/\/directcoffee.net\/wp-content\/uploads\/2017\/08\/Kaffee-direkt-vom-Baum-in-die-Tasse-200x300.jpg 200w, https:\/\/directcoffee.net\/wp-content\/uploads\/2017\/08\/Kaffee-direkt-vom-Baum-in-die-Tasse-400x600.jpg 400w, https:\/\/directcoffee.net\/wp-content\/uploads\/2017\/08\/Kaffee-direkt-vom-Baum-in-die-Tasse-600x900.jpg 600w, https:\/\/directcoffee.net\/wp-content\/uploads\/2017\/08\/Kaffee-direkt-vom-Baum-in-die-Tasse.jpg 640w\" sizes=\"(min-width: 2200px) 100vw, (min-width: 784px) 363px, (min-width: 712px) 545px, (min-width: 640px) 712px, \" \/><\/a><\/div><\/div><div class=\"clearfix\"><\/div><div style=\"padding:5px;\" class=\"fusion-grid-column fusion-gallery-column fusion-gallery-column-3 hover-type-none\"><div class=\"fusion-gallery-image\"><a href=\"https:\/\/directcoffee.net\/wp-content\/uploads\/2017\/08\/Sonnenuntergang-\u00fcber-den-Kaffeebetten.jpg\" target=\"_self\"><img decoding=\"async\" src=\"https:\/\/directcoffee.net\/wp-content\/uploads\/2017\/08\/Sonnenuntergang-\u00fcber-den-Kaffeebetten.jpg\" width=\"700\" height=\"467\" alt=\"\" title=\"Coucher de soleil sur les tables de s\u00e9chage de caf\u00e9\" aria-label=\"Coucher de soleil sur les tables de s\u00e9chage de caf\u00e9\" class=\"img-responsive wp-image-17904\" srcset=\"https:\/\/directcoffee.net\/wp-content\/uploads\/2017\/08\/Sonnenuntergang-\u00fcber-den-Kaffeebetten-200x133.jpg 200w, https:\/\/directcoffee.net\/wp-content\/uploads\/2017\/08\/Sonnenuntergang-\u00fcber-den-Kaffeebetten-400x267.jpg 400w, https:\/\/directcoffee.net\/wp-content\/uploads\/2017\/08\/Sonnenuntergang-\u00fcber-den-Kaffeebetten-600x400.jpg 600w, https:\/\/directcoffee.net\/wp-content\/uploads\/2017\/08\/Sonnenuntergang-\u00fcber-den-Kaffeebetten.jpg 700w\" sizes=\"(min-width: 2200px) 100vw, (min-width: 784px) 363px, (min-width: 712px) 545px, (min-width: 640px) 712px, \" \/><\/a><\/div><\/div><div style=\"padding:5px;\" class=\"fusion-grid-column fusion-gallery-column fusion-gallery-column-3 hover-type-none\"><div class=\"fusion-gallery-image\"><a href=\"https:\/\/directcoffee.net\/wp-content\/uploads\/2017\/08\/Sonnengetrockneter-Kaffee.jpg\" target=\"_self\"><img decoding=\"async\" src=\"https:\/\/directcoffee.net\/wp-content\/uploads\/2017\/08\/Sonnengetrockneter-Kaffee.jpg\" width=\"700\" height=\"467\" alt=\"\" title=\"Caf\u00e9 s\u00e9ch\u00e9 au soleil\" aria-label=\"Caf\u00e9 s\u00e9ch\u00e9 au soleil\" class=\"img-responsive wp-image-17901\" srcset=\"https:\/\/directcoffee.net\/wp-content\/uploads\/2017\/08\/Sonnengetrockneter-Kaffee-200x133.jpg 200w, https:\/\/directcoffee.net\/wp-content\/uploads\/2017\/08\/Sonnengetrockneter-Kaffee-400x267.jpg 400w, https:\/\/directcoffee.net\/wp-content\/uploads\/2017\/08\/Sonnengetrockneter-Kaffee-600x400.jpg 600w, https:\/\/directcoffee.net\/wp-content\/uploads\/2017\/08\/Sonnengetrockneter-Kaffee.jpg 700w\" sizes=\"(min-width: 2200px) 100vw, (min-width: 784px) 363px, (min-width: 712px) 545px, (min-width: 640px) 712px, \" \/><\/a><\/div><\/div><div style=\"padding:5px;\" class=\"fusion-grid-column fusion-gallery-column fusion-gallery-column-3 hover-type-none\"><div class=\"fusion-gallery-image\"><a href=\"https:\/\/directcoffee.net\/wp-content\/uploads\/2017\/08\/Gewaschener-Kaffee.jpg\" target=\"_self\"><img decoding=\"async\" src=\"https:\/\/directcoffee.net\/wp-content\/uploads\/2017\/08\/Gewaschener-Kaffee.jpg\" width=\"1280\" height=\"854\" alt=\"\" title=\"Caf\u00e9 lav\u00e9\" aria-label=\"Caf\u00e9 lav\u00e9\" class=\"img-responsive wp-image-17892\" srcset=\"https:\/\/directcoffee.net\/wp-content\/uploads\/2017\/08\/Gewaschener-Kaffee-200x133.jpg 200w, https:\/\/directcoffee.net\/wp-content\/uploads\/2017\/08\/Gewaschener-Kaffee-400x267.jpg 400w, https:\/\/directcoffee.net\/wp-content\/uploads\/2017\/08\/Gewaschener-Kaffee-600x400.jpg 600w, https:\/\/directcoffee.net\/wp-content\/uploads\/2017\/08\/Gewaschener-Kaffee-800x534.jpg 800w, https:\/\/directcoffee.net\/wp-content\/uploads\/2017\/08\/Gewaschener-Kaffee-1200x801.jpg 1200w, https:\/\/directcoffee.net\/wp-content\/uploads\/2017\/08\/Gewaschener-Kaffee.jpg 1280w\" sizes=\"(min-width: 2200px) 100vw, (min-width: 784px) 363px, (min-width: 712px) 545px, (min-width: 640px) 712px, \" \/><\/a><\/div><\/div><div class=\"clearfix\"><\/div><div style=\"padding:5px;\" class=\"fusion-grid-column fusion-gallery-column fusion-gallery-column-3 hover-type-none\"><div class=\"fusion-gallery-image\"><a href=\"https:\/\/directcoffee.net\/wp-content\/uploads\/2017\/08\/24796245_10155943146453894_7920037538980929262_n.jpg\" target=\"_self\"><img decoding=\"async\" src=\"https:\/\/directcoffee.net\/wp-content\/uploads\/2017\/08\/24796245_10155943146453894_7920037538980929262_n.jpg\" width=\"640\" height=\"960\" alt=\"\" title=\"C\u00e9r\u00e9monie du caf\u00e9\" aria-label=\"C\u00e9r\u00e9monie du caf\u00e9\" class=\"img-responsive wp-image-17889\" srcset=\"https:\/\/directcoffee.net\/wp-content\/uploads\/2017\/08\/24796245_10155943146453894_7920037538980929262_n-200x300.jpg 200w, https:\/\/directcoffee.net\/wp-content\/uploads\/2017\/08\/24796245_10155943146453894_7920037538980929262_n-400x600.jpg 400w, https:\/\/directcoffee.net\/wp-content\/uploads\/2017\/08\/24796245_10155943146453894_7920037538980929262_n-600x900.jpg 600w, https:\/\/directcoffee.net\/wp-content\/uploads\/2017\/08\/24796245_10155943146453894_7920037538980929262_n.jpg 640w\" sizes=\"(min-width: 2200px) 100vw, (min-width: 784px) 363px, (min-width: 712px) 545px, (min-width: 640px) 712px, \" \/><\/a><\/div><\/div><div style=\"padding:5px;\" class=\"fusion-grid-column fusion-gallery-column fusion-gallery-column-3 hover-type-none\"><div class=\"fusion-gallery-image\"><a href=\"https:\/\/directcoffee.net\/wp-content\/uploads\/2017\/08\/Trocknen-des-Kaffees.jpg\" target=\"_self\"><img decoding=\"async\" src=\"https:\/\/directcoffee.net\/wp-content\/uploads\/2017\/08\/Trocknen-des-Kaffees.jpg\" width=\"960\" height=\"640\" alt=\"\" title=\"S\u00e9chage du caf\u00e9\" aria-label=\"S\u00e9chage du caf\u00e9\" class=\"img-responsive wp-image-17883\" srcset=\"https:\/\/directcoffee.net\/wp-content\/uploads\/2017\/08\/Trocknen-des-Kaffees-200x133.jpg 200w, https:\/\/directcoffee.net\/wp-content\/uploads\/2017\/08\/Trocknen-des-Kaffees-400x267.jpg 400w, https:\/\/directcoffee.net\/wp-content\/uploads\/2017\/08\/Trocknen-des-Kaffees-600x400.jpg 600w, https:\/\/directcoffee.net\/wp-content\/uploads\/2017\/08\/Trocknen-des-Kaffees-800x533.jpg 800w, https:\/\/directcoffee.net\/wp-content\/uploads\/2017\/08\/Trocknen-des-Kaffees.jpg 960w\" sizes=\"(min-width: 2200px) 100vw, (min-width: 784px) 363px, (min-width: 712px) 545px, (min-width: 640px) 712px, \" \/><\/a><\/div><\/div><div style=\"padding:5px;\" class=\"fusion-grid-column fusion-gallery-column fusion-gallery-column-3 hover-type-none\"><div class=\"fusion-gallery-image\"><a href=\"https:\/\/directcoffee.net\/wp-content\/uploads\/2017\/08\/Viele-Familien-in-\u00c4thiopien-leben-vom-Kaffeeanbau.jpg\" target=\"_self\"><img decoding=\"async\" src=\"https:\/\/directcoffee.net\/wp-content\/uploads\/2017\/08\/Viele-Familien-in-\u00c4thiopien-leben-vom-Kaffeeanbau.jpg\" width=\"881\" height=\"587\" alt=\"\" title=\"De nombreuses familles \u00e9thiopiennes vivent du caf\u00e9\" aria-label=\"De nombreuses familles \u00e9thiopiennes vivent du caf\u00e9\" class=\"img-responsive wp-image-17915\" srcset=\"https:\/\/directcoffee.net\/wp-content\/uploads\/2017\/08\/Viele-Familien-in-\u00c4thiopien-leben-vom-Kaffeeanbau-200x133.jpg 200w, https:\/\/directcoffee.net\/wp-content\/uploads\/2017\/08\/Viele-Familien-in-\u00c4thiopien-leben-vom-Kaffeeanbau-400x267.jpg 400w, https:\/\/directcoffee.net\/wp-content\/uploads\/2017\/08\/Viele-Familien-in-\u00c4thiopien-leben-vom-Kaffeeanbau-600x400.jpg 600w, https:\/\/directcoffee.net\/wp-content\/uploads\/2017\/08\/Viele-Familien-in-\u00c4thiopien-leben-vom-Kaffeeanbau-800x533.jpg 800w, https:\/\/directcoffee.net\/wp-content\/uploads\/2017\/08\/Viele-Familien-in-\u00c4thiopien-leben-vom-Kaffeeanbau.jpg 881w\" sizes=\"(min-width: 2200px) 100vw, (min-width: 784px) 363px, (min-width: 712px) 545px, (min-width: 640px) 712px, \" \/><\/a><\/div><\/div><div class=\"clearfix\"><\/div><\/div><\/div><div class=\"fusion-clearfix\"><\/div><\/div><\/div><\/div><\/div><div class=\"fusion-fullwidth fullwidth-box fusion-builder-row-2 nonhundred-percent-fullwidth non-hundred-percent-height-scrolling\" style=\"--awb-border-sizes-top:0px;--awb-border-sizes-bottom:0px;--awb-border-sizes-left:0px;--awb-border-sizes-right:0px;--awb-border-radius-top-left:0px;--awb-border-radius-top-right:0px;--awb-border-radius-bottom-right:0px;--awb-border-radius-bottom-left:0px;--awb-padding-bottom:30px;--awb-flex-wrap:wrap;\" id=\"home-section\" ><div class=\"fusion-builder-row fusion-row\"><div class=\"fusion-layout-column fusion_builder_column fusion-builder-column-6 fusion_builder_column_1_1 1_1 fusion-one-full fusion-column-first fusion-column-last\" style=\"--awb-padding-top:40px;--awb-padding-right:40px;--awb-padding-bottom:40px;--awb-padding-left:40px;--awb-bg-size:cover;--awb-border-color:#160c09;--awb-border-top:1px;--awb-border-right:1px;--awb-border-bottom:1px;--awb-border-left:1px;--awb-border-style:solid;\"><div class=\"fusion-column-wrapper fusion-flex-column-wrapper-legacy\"><div class=\"fusion-title title fusion-title-2 fusion-title-center fusion-title-text fusion-title-size-two\"><div class=\"title-sep-container title-sep-container-left\"><div class=\"title-sep sep-double sep-solid\" style=\"border-color:#e0dede;\"><\/div><\/div><span class=\"awb-title-spacer\"><\/span><h2 class=\"fusion-title-heading title-heading-center\" style=\"margin:0;\">Les infos<\/h2><span class=\"awb-title-spacer\"><\/span><div class=\"title-sep-container title-sep-container-right\"><div class=\"title-sep sep-double sep-solid\" style=\"border-color:#e0dede;\"><\/div><\/div><\/div><div class=\"fusion-text fusion-text-5\" style=\"--awb-text-transform:none;\"><h2>Les infos<\/h2>\n<p><strong>Quand?\u00a0 \u00a0\u00a0<\/strong>Du 01 au 08 d\u00e9c 2022 &#8211; Huit jours au plus fort de la r\u00e9colte du caf\u00e9<\/p>\n<p><strong>O\u00f9?\u00a0 \u00a0\u00a0<\/strong>De Addis Abeba jusqu\u2019aux origines biologiques (et culturelles) du caf\u00e9 au nord de la ville de Jimma, et retour<\/p>\n<p><strong>Combien?\u00a0 \u00a0<\/strong>2&rsquo;950 CHF, incluant les accompagnants suisses et \u00e9thiopiens, les vols domestiques, les h\u00f4tels, les repas, tous les transports sur place, les guides locaux &amp; les traducteurs.<\/p>\n<p>Nous ne voulons pas que quelqu&rsquo;un soit emp\u00each\u00e9 de venir pour des raisons financi\u00e8res; si c&rsquo;est le cas, contactez-nous. De plus, il y a les rabais suivants :<br \/>\nRabais pour les premiers inscrits: 200 CHF de rabais pour les inscriptions avant le 1er juin, car cela nous aide \u00e0 planifier.<br \/>\nRabais buddy : Motivez un(e) ami(e) \u00e0 venir et vous \u00e9conomisez 100 CHF chacun.<\/p>\n<\/div><div class=\"fusion-clearfix\"><\/div><\/div><\/div><div class=\"fusion-layout-column fusion_builder_column fusion-builder-column-7 fusion_builder_column_1_1 1_1 fusion-one-full fusion-column-first fusion-column-last\" style=\"--awb-bg-size:cover;\"><div class=\"fusion-column-wrapper fusion-flex-column-wrapper-legacy\"><div class=\"fusion-aligncenter\"><a class=\"fusion-button button-flat button-xlarge button-custom fusion-button-default button-1 fusion-button-default-span fusion-button-default-type home-findout-btn\" style=\"--button_accent_color:#74e27c;--button_border_color:#74e27c;--button_accent_hover_color:#1b110f;--button_border_hover_color:#1b110f;--button_border_width-top:4px;--button_border_width-right:4px;--button_border_width-bottom:4px;--button_border_width-left:4px;--button-border-radius-top-left:2px;--button-border-radius-top-right:2px;--button-border-radius-bottom-right:2px;--button-border-radius-bottom-left:2px;--button_gradient_top_color:rgba(116,226,124,0);--button_gradient_bottom_color:rgba(116,226,124,0);--button_gradient_top_color_hover:#d3c397;--button_gradient_bottom_color_hover:#d3c397;\" target=\"_blank\" rel=\"noopener noreferrer\" href=\"mailto:michael@directcoffee.net\"><span class=\"fusion-button-text\">Je suis int\u00e9ress\u00e9(e)!<\/span><\/a><\/div><div class=\"fusion-text fusion-text-6\"><\/div><div class=\"fusion-clearfix\"><\/div><\/div><\/div><\/div><\/div><div class=\"fusion-fullwidth fullwidth-box fusion-builder-row-3 fusion-parallax-none hundred-percent-fullwidth non-hundred-percent-height-scrolling\" style=\"--awb-border-sizes-top:0px;--awb-border-sizes-bottom:0px;--awb-border-sizes-left:0px;--awb-border-sizes-right:0px;--awb-border-radius-top-left:0px;--awb-border-radius-top-right:0px;--awb-border-radius-bottom-right:0px;--awb-border-radius-bottom-left:0px;--awb-padding-top:40px;--awb-padding-right:30px;--awb-padding-bottom:40px;--awb-padding-left:30px;--awb-background-image:url(&quot;https:\/\/directcoffee.net\/wp-content\/uploads\/2017\/08\/Nassm\u00fchle.jpg&quot;);--awb-background-size:cover;--awb-flex-wrap:wrap;\" ><div class=\"fusion-builder-row fusion-row\"><div class=\"fusion-layout-column fusion_builder_column fusion-builder-column-8 fusion_builder_column_1_2 1_2 fusion-one-half fusion-column-first\" style=\"--awb-bg-size:cover;width:48%; margin-right: 4%;\"><div class=\"fusion-column-wrapper fusion-flex-column-wrapper-legacy\"><div class=\"fusion-title title fusion-title-3 fusion-sep-none fusion-title-text fusion-title-size-two green\"><h2 class=\"fusion-title-heading title-heading-left\" style=\"margin:0;\"><p>Vivre le caf\u00e9 de l&rsquo;arbre<\/p>\n<p>\u00e0 la tasse<\/p><\/h2><\/div><div class=\"fusion-clearfix\"><\/div><\/div><\/div><div class=\"fusion-layout-column fusion_builder_column fusion-builder-column-9 fusion_builder_column_3_5 3_5 fusion-three-fifth fusion-column-last beige\" style=\"--awb-bg-size:cover;\"><div class=\"fusion-column-wrapper fusion-flex-column-wrapper-legacy\"><div class=\"fusion-text fusion-text-7\"><p>De la cueillette des cerises de caf\u00e9 m\u00fbres dans une for\u00eat naturelle en passant par l&rsquo;atmosph\u00e8re charg\u00e9e d&rsquo;\u00e9nergie du d\u00e9pulpage de ces cerises, jusqu&rsquo;\u00e0 la s\u00e9lection des grains sur les tables de s\u00e9chage et enfin \u00e0 la d\u00e9gustation de la r\u00e9colte dans les laboratoires de caf\u00e9 &#8211; notre voyage vous offrira des aper\u00e7us uniques dans la vie des petits agriculteurs qui cultivent votre caf\u00e9.<br \/>\nLors de nos voyages pr\u00e9c\u00e9dents, les agriculteurs nous ont toujours demand\u00e9 : \u00ab\u00a0Qui sont ces gens qui boivent notre caf\u00e9 ?\u00a0\u00bb Nous voulons rendre possible une rencontre bas\u00e9e sur un respect et une confiance mutuels. Micha\u00ebl, qui conna\u00eet bien<br \/>\nl&rsquo;Afrique et l&rsquo;Ethiopie, vous transmettra sa passion pour les gens, les coutumes locales et les processus de production \u2013 attention c\u2019est contagieux!<\/p>\n<\/div><div class=\"fusion-clearfix\"><\/div><\/div><\/div><\/div><\/div><div class=\"fusion-fullwidth fullwidth-box fusion-builder-row-4 nonhundred-percent-fullwidth non-hundred-percent-height-scrolling\" style=\"--awb-border-sizes-top:0px;--awb-border-sizes-bottom:0px;--awb-border-sizes-left:0px;--awb-border-sizes-right:0px;--awb-border-radius-top-left:0px;--awb-border-radius-top-right:0px;--awb-border-radius-bottom-right:0px;--awb-border-radius-bottom-left:0px;--awb-padding-top:30px;--awb-flex-wrap:wrap;\" ><div class=\"fusion-builder-row fusion-row\"><div class=\"fusion-layout-column fusion_builder_column fusion-builder-column-10 fusion_builder_column_3_5 3_5 fusion-three-fifth fusion-column-first\" style=\"--awb-bg-size:cover;--awb-margin-top:20px;width:58.4%; margin-right: 4%;\"><div class=\"fusion-column-wrapper fusion-flex-column-wrapper-legacy\"><div class=\"fusion-title title fusion-title-4 fusion-sep-none fusion-title-center fusion-title-text fusion-title-size-two\"><h2 class=\"fusion-title-heading title-heading-center\" style=\"margin:0;\"><h2 style=\"text-align: left; font-size: 40px; line-height: 40px;\">La plus ancienne culture de caf\u00e9 du monde<\/h2><\/h2><\/div><div class=\"fusion-text fusion-text-8\"><p>La c\u00e9r\u00e9monie du caf\u00e9 fait partie int\u00e9grante de la vie quotidienne en Ethiopie: familles et amis se r\u00e9unissent jusqu&rsquo;\u00e0 trois fois par jour pour<br \/>\nboire ensemble du caf\u00e9 torr\u00e9fi\u00e9 sur le moment.<\/p>\n<p>Selon la l\u00e9gende \u2013 et les recherches<br \/>\nde botanistes \u2013, la plante arabica provient des for\u00eats montagneuses de l\u2019Ouest \u00e9thiopien. Nous explorerons avec vous l\u2019endroit o\u00f9 le berger Kaldi d\u00e9couvrit le caf\u00e9 il y a plus de mille ans, lorsque ses ch\u00e8vres se mirent \u00e0 sauter de tous les c\u00f4t\u00e9s excit\u00e9es par la caf\u00e9ine.<\/p>\n<p>Culturellement, religieusement et culinairement, l&rsquo;Ethiopie est l&rsquo;un des<br \/>\npays d\u2019Afrique les plus passionnants Maya, notre ethnologue, se r\u00e9jouit de vous le faire d\u00e9couvrir.<\/p>\n<\/div><div class=\"fusion-clearfix\"><\/div><\/div><\/div><div class=\"fusion-layout-column fusion_builder_column fusion-builder-column-11 fusion_builder_column_1_3 1_3 fusion-one-third\" style=\"--awb-padding-top:30px;--awb-bg-size:cover;width:30.6666%; margin-right: 4%;\"><div class=\"fusion-column-wrapper fusion-flex-column-wrapper-legacy\"><div class=\"fusion-image-element in-legacy-container\" style=\"--awb-caption-title-font-family:var(--h2_typography-font-family);--awb-caption-title-font-weight:var(--h2_typography-font-weight);--awb-caption-title-font-style:var(--h2_typography-font-style);--awb-caption-title-size:var(--h2_typography-font-size);--awb-caption-title-transform:var(--h2_typography-text-transform);--awb-caption-title-line-height:var(--h2_typography-line-height);--awb-caption-title-letter-spacing:var(--h2_typography-letter-spacing);\"><span class=\" fusion-imageframe imageframe-none imageframe-1 hover-type-none\"><img decoding=\"async\" width=\"370\" height=\"555\" title=\"C\u00e9r\u00e9monie du caf\u00e9\" src=\"https:\/\/directcoffee.net\/wp-content\/uploads\/2017\/08\/Kaffeezeremonie-2.jpg\" alt class=\"img-responsive wp-image-17935\" srcset=\"https:\/\/directcoffee.net\/wp-content\/uploads\/2017\/08\/Kaffeezeremonie-2-200x300.jpg 200w, https:\/\/directcoffee.net\/wp-content\/uploads\/2017\/08\/Kaffeezeremonie-2.jpg 370w\" sizes=\"(max-width: 800px) 100vw, 370px\" \/><\/span><\/div><div class=\"fusion-clearfix\"><\/div><\/div><\/div><\/div><\/div><div class=\"fusion-fullwidth fullwidth-box fusion-builder-row-5 nonhundred-percent-fullwidth non-hundred-percent-height-scrolling\" style=\"--awb-border-radius-top-left:0px;--awb-border-radius-top-right:0px;--awb-border-radius-bottom-right:0px;--awb-border-radius-bottom-left:0px;--awb-flex-wrap:wrap;\" ><div class=\"fusion-builder-row fusion-row\"><div class=\"fusion-layout-column fusion_builder_column fusion-builder-column-12 fusion_builder_column_1_1 1_1 fusion-one-full fusion-column-first fusion-column-last\" style=\"--awb-bg-size:cover;\"><div class=\"fusion-column-wrapper fusion-flex-column-wrapper-legacy\"><div class=\"fusion-title title fusion-title-5 fusion-sep-none fusion-title-center fusion-title-text fusion-title-size-two green\"><h2 class=\"fusion-title-heading title-heading-center\" style=\"margin:0;\"><h2 style=\"text-align: center; font-size: 40px; line-height: 40px;\"><span style=\"color: #74e27c;\"><br \/>\nEnvie d&rsquo;en savoir plus?<\/span><\/h2><\/h2><\/div><div class=\"fusion-text fusion-text-9\"><p style=\"font-size: 22px; line-height: 29px; text-align: center;\">Michael et Maya se r\u00e9jouissent d&rsquo;avoir de vos nouvelles. N&rsquo;h\u00e9sitez pas \u00e0 nous contacter, c&rsquo;est sans engagement !<\/p>\n<p style=\"font-size: 22px; line-height: 29px; text-align: center;\">michael@directcoffee.net \u00a0 \u00a0 \u00a0 \u00a0 \u00a0 \u00a0 \u00a0 \u00a0 \u00a0 +41 77 449 6155<\/p>\n<\/div><div class=\"fusion-aligncenter\"><a class=\"fusion-button button-flat button-xlarge button-custom fusion-button-default button-2 fusion-button-default-span fusion-button-default-type home-findout-btn\" style=\"--button_accent_color:#74e27c;--button_border_color:#74e27c;--button_accent_hover_color:#1b110f;--button_border_hover_color:#1b110f;--button_gradient_top_color:rgba(116,226,124,0);--button_gradient_bottom_color:rgba(116,226,124,0);--button_gradient_top_color_hover:#d3c397;--button_gradient_bottom_color_hover:#d3c397;\" target=\"_blank\" rel=\"noopener noreferrer\" href=\"mailto:michael@directcoffee.net\"><span class=\"fusion-button-text\">Je suis int\u00e9ress\u00e9(e)!<\/span><\/a><\/div><div class=\"fusion-clearfix\"><\/div><\/div><\/div><\/div><\/div><\/p>\n","protected":false},"excerpt":{"rendered":"","protected":false},"author":8,"featured_media":0,"parent":9173,"menu_order":0,"comment_status":"closed","ping_status":"closed","template":"100-width.php","meta":{"footnotes":""},"class_list":["post-17977","page","type-page","status-publish","hentry"],"yoast_head":"<!-- This site is optimized with the Yoast SEO plugin v27.5 - https:\/\/yoast.com\/product\/yoast-seo-wordpress\/ -->\n<title>Voyage aux origines du caf\u00e9 - Direct Coffee<\/title>\n<meta name=\"description\" content=\"D\u00e9couvrez par vous-m\u00eame o\u00f9 pousse le caf\u00e9 que vous buvez et qui sont les gens qui le cultivent. Chaque novembre nous nous rendons chez les caf\u00e9iculteurs \u00e9thiopiens avec des consomateurs int\u00e9ress\u00e9s. Parce que nous voulons \u00e9tablir un lien direct entre les planteurs de caf\u00e9 en Ethiopie et les buveurs de caf\u00e9 en Suisse.\" \/>\n<meta name=\"robots\" content=\"index, follow, max-snippet:-1, max-image-preview:large, max-video-preview:-1\" \/>\n<link rel=\"canonical\" href=\"https:\/\/directcoffee.net\/fr\/vraie-durabilite\/voyage-aux-origines-du-cafe\/\" \/>\n<meta property=\"og:locale\" content=\"fr_FR\" \/>\n<meta property=\"og:type\" content=\"article\" \/>\n<meta property=\"og:title\" content=\"Voyage aux origines du caf\u00e9 - Direct Coffee\" \/>\n<meta property=\"og:description\" content=\"D\u00e9couvrez par vous-m\u00eame o\u00f9 pousse le caf\u00e9 que vous buvez et qui sont les gens qui le cultivent. Chaque novembre nous nous rendons chez les caf\u00e9iculteurs \u00e9thiopiens avec des consomateurs int\u00e9ress\u00e9s. Parce que nous voulons \u00e9tablir un lien direct entre les planteurs de caf\u00e9 en Ethiopie et les buveurs de caf\u00e9 en Suisse.\" \/>\n<meta property=\"og:url\" content=\"https:\/\/directcoffee.net\/fr\/vraie-durabilite\/voyage-aux-origines-du-cafe\/\" \/>\n<meta property=\"og:site_name\" content=\"Direct Coffee\" \/>\n<meta property=\"article:publisher\" content=\"https:\/\/fb.com\/directcoffee.net\" \/>\n<meta property=\"article:modified_time\" content=\"2022-01-27T10:15:07+00:00\" \/>\n<meta property=\"og:image\" content=\"https:\/\/directcoffee.net\/wp-content\/uploads\/2017\/07\/Direct-Coffee-FinalLogo_klein.png\" \/>\n\t<meta property=\"og:image:width\" content=\"892\" \/>\n\t<meta property=\"og:image:height\" content=\"904\" \/>\n\t<meta property=\"og:image:type\" content=\"image\/png\" \/>\n<meta name=\"twitter:card\" content=\"summary_large_image\" \/>\n<meta name=\"twitter:site\" content=\"@DirectCoffeeCH\" \/>\n<meta name=\"twitter:label1\" content=\"Dur\u00e9e de lecture estim\u00e9e\" \/>\n\t<meta name=\"twitter:data1\" content=\"15 minutes\" \/>\n<script type=\"application\/ld+json\" class=\"yoast-schema-graph\">{\"@context\":\"https:\\\/\\\/schema.org\",\"@graph\":[{\"@type\":\"WebPage\",\"@id\":\"https:\\\/\\\/directcoffee.net\\\/fr\\\/vraie-durabilite\\\/voyage-aux-origines-du-cafe\\\/\",\"url\":\"https:\\\/\\\/directcoffee.net\\\/fr\\\/vraie-durabilite\\\/voyage-aux-origines-du-cafe\\\/\",\"name\":\"Voyage aux origines du caf\u00e9 - Direct Coffee\",\"isPartOf\":{\"@id\":\"https:\\\/\\\/directcoffee.net\\\/fr\\\/#website\"},\"datePublished\":\"2018-02-13T18:25:50+00:00\",\"dateModified\":\"2022-01-27T10:15:07+00:00\",\"description\":\"D\u00e9couvrez par vous-m\u00eame o\u00f9 pousse le caf\u00e9 que vous buvez et qui sont les gens qui le cultivent. Chaque novembre nous nous rendons chez les caf\u00e9iculteurs \u00e9thiopiens avec des consomateurs int\u00e9ress\u00e9s. Parce que nous voulons \u00e9tablir un lien direct entre les planteurs de caf\u00e9 en Ethiopie et les buveurs de caf\u00e9 en Suisse.\",\"breadcrumb\":{\"@id\":\"https:\\\/\\\/directcoffee.net\\\/fr\\\/vraie-durabilite\\\/voyage-aux-origines-du-cafe\\\/#breadcrumb\"},\"inLanguage\":\"fr-FR\",\"potentialAction\":[{\"@type\":\"ReadAction\",\"target\":[\"https:\\\/\\\/directcoffee.net\\\/fr\\\/vraie-durabilite\\\/voyage-aux-origines-du-cafe\\\/\"]}]},{\"@type\":\"BreadcrumbList\",\"@id\":\"https:\\\/\\\/directcoffee.net\\\/fr\\\/vraie-durabilite\\\/voyage-aux-origines-du-cafe\\\/#breadcrumb\",\"itemListElement\":[{\"@type\":\"ListItem\",\"position\":1,\"name\":\"Home\",\"item\":\"https:\\\/\\\/directcoffee.net\\\/fr\\\/\"},{\"@type\":\"ListItem\",\"position\":2,\"name\":\"Vraie durabilit\u00e9\",\"item\":\"https:\\\/\\\/directcoffee.net\\\/fr\\\/vraie-durabilite\\\/\"},{\"@type\":\"ListItem\",\"position\":3,\"name\":\"Voyage aux origines du caf\u00e9\"}]},{\"@type\":\"WebSite\",\"@id\":\"https:\\\/\\\/directcoffee.net\\\/fr\\\/#website\",\"url\":\"https:\\\/\\\/directcoffee.net\\\/fr\\\/\",\"name\":\"Direct Coffee\",\"description\":\"Nachhaltiger Kaffee direkt vom Bauern in Deine Tasse\",\"publisher\":{\"@id\":\"https:\\\/\\\/directcoffee.net\\\/fr\\\/#organization\"},\"potentialAction\":[{\"@type\":\"SearchAction\",\"target\":{\"@type\":\"EntryPoint\",\"urlTemplate\":\"https:\\\/\\\/directcoffee.net\\\/fr\\\/?s={search_term_string}\"},\"query-input\":{\"@type\":\"PropertyValueSpecification\",\"valueRequired\":true,\"valueName\":\"search_term_string\"}}],\"inLanguage\":\"fr-FR\"},{\"@type\":\"Organization\",\"@id\":\"https:\\\/\\\/directcoffee.net\\\/fr\\\/#organization\",\"name\":\"Direct Coffee\",\"url\":\"https:\\\/\\\/directcoffee.net\\\/fr\\\/\",\"logo\":{\"@type\":\"ImageObject\",\"inLanguage\":\"fr-FR\",\"@id\":\"https:\\\/\\\/directcoffee.net\\\/fr\\\/#\\\/schema\\\/logo\\\/image\\\/\",\"url\":\"https:\\\/\\\/directcoffee.net\\\/wp-content\\\/uploads\\\/2017\\\/08\\\/Direct-Coffee-brown-logo-no-background.png\",\"contentUrl\":\"https:\\\/\\\/directcoffee.net\\\/wp-content\\\/uploads\\\/2017\\\/08\\\/Direct-Coffee-brown-logo-no-background.png\",\"width\":892,\"height\":904,\"caption\":\"Direct Coffee\"},\"image\":{\"@id\":\"https:\\\/\\\/directcoffee.net\\\/fr\\\/#\\\/schema\\\/logo\\\/image\\\/\"},\"sameAs\":[\"https:\\\/\\\/fb.com\\\/directcoffee.net\",\"https:\\\/\\\/x.com\\\/DirectCoffeeCH\",\"https:\\\/\\\/www.instagram.com\\\/direct_coffee\\\/\",\"https:\\\/\\\/www.youtube.com\\\/channel\\\/UCOiDLRMnkMQKFHvQQ_Ju40w\"]}]}<\/script>\n<!-- \/ Yoast SEO plugin. -->","yoast_head_json":{"title":"Voyage aux origines du caf\u00e9 - Direct Coffee","description":"D\u00e9couvrez par vous-m\u00eame o\u00f9 pousse le caf\u00e9 que vous buvez et qui sont les gens qui le cultivent. Chaque novembre nous nous rendons chez les caf\u00e9iculteurs \u00e9thiopiens avec des consomateurs int\u00e9ress\u00e9s. Parce que nous voulons \u00e9tablir un lien direct entre les planteurs de caf\u00e9 en Ethiopie et les buveurs de caf\u00e9 en Suisse.","robots":{"index":"index","follow":"follow","max-snippet":"max-snippet:-1","max-image-preview":"max-image-preview:large","max-video-preview":"max-video-preview:-1"},"canonical":"https:\/\/directcoffee.net\/fr\/vraie-durabilite\/voyage-aux-origines-du-cafe\/","og_locale":"fr_FR","og_type":"article","og_title":"Voyage aux origines du caf\u00e9 - Direct Coffee","og_description":"D\u00e9couvrez par vous-m\u00eame o\u00f9 pousse le caf\u00e9 que vous buvez et qui sont les gens qui le cultivent. Chaque novembre nous nous rendons chez les caf\u00e9iculteurs \u00e9thiopiens avec des consomateurs int\u00e9ress\u00e9s. Parce que nous voulons \u00e9tablir un lien direct entre les planteurs de caf\u00e9 en Ethiopie et les buveurs de caf\u00e9 en Suisse.","og_url":"https:\/\/directcoffee.net\/fr\/vraie-durabilite\/voyage-aux-origines-du-cafe\/","og_site_name":"Direct Coffee","article_publisher":"https:\/\/fb.com\/directcoffee.net","article_modified_time":"2022-01-27T10:15:07+00:00","og_image":[{"width":892,"height":904,"url":"https:\/\/directcoffee.net\/wp-content\/uploads\/2017\/07\/Direct-Coffee-FinalLogo_klein.png","type":"image\/png"}],"twitter_card":"summary_large_image","twitter_site":"@DirectCoffeeCH","twitter_misc":{"Dur\u00e9e de lecture estim\u00e9e":"15 minutes"},"schema":{"@context":"https:\/\/schema.org","@graph":[{"@type":"WebPage","@id":"https:\/\/directcoffee.net\/fr\/vraie-durabilite\/voyage-aux-origines-du-cafe\/","url":"https:\/\/directcoffee.net\/fr\/vraie-durabilite\/voyage-aux-origines-du-cafe\/","name":"Voyage aux origines du caf\u00e9 - Direct Coffee","isPartOf":{"@id":"https:\/\/directcoffee.net\/fr\/#website"},"datePublished":"2018-02-13T18:25:50+00:00","dateModified":"2022-01-27T10:15:07+00:00","description":"D\u00e9couvrez par vous-m\u00eame o\u00f9 pousse le caf\u00e9 que vous buvez et qui sont les gens qui le cultivent. Chaque novembre nous nous rendons chez les caf\u00e9iculteurs \u00e9thiopiens avec des consomateurs int\u00e9ress\u00e9s. Parce que nous voulons \u00e9tablir un lien direct entre les planteurs de caf\u00e9 en Ethiopie et les buveurs de caf\u00e9 en Suisse.","breadcrumb":{"@id":"https:\/\/directcoffee.net\/fr\/vraie-durabilite\/voyage-aux-origines-du-cafe\/#breadcrumb"},"inLanguage":"fr-FR","potentialAction":[{"@type":"ReadAction","target":["https:\/\/directcoffee.net\/fr\/vraie-durabilite\/voyage-aux-origines-du-cafe\/"]}]},{"@type":"BreadcrumbList","@id":"https:\/\/directcoffee.net\/fr\/vraie-durabilite\/voyage-aux-origines-du-cafe\/#breadcrumb","itemListElement":[{"@type":"ListItem","position":1,"name":"Home","item":"https:\/\/directcoffee.net\/fr\/"},{"@type":"ListItem","position":2,"name":"Vraie durabilit\u00e9","item":"https:\/\/directcoffee.net\/fr\/vraie-durabilite\/"},{"@type":"ListItem","position":3,"name":"Voyage aux origines du caf\u00e9"}]},{"@type":"WebSite","@id":"https:\/\/directcoffee.net\/fr\/#website","url":"https:\/\/directcoffee.net\/fr\/","name":"Direct Coffee","description":"Nachhaltiger Kaffee direkt vom Bauern in Deine Tasse","publisher":{"@id":"https:\/\/directcoffee.net\/fr\/#organization"},"potentialAction":[{"@type":"SearchAction","target":{"@type":"EntryPoint","urlTemplate":"https:\/\/directcoffee.net\/fr\/?s={search_term_string}"},"query-input":{"@type":"PropertyValueSpecification","valueRequired":true,"valueName":"search_term_string"}}],"inLanguage":"fr-FR"},{"@type":"Organization","@id":"https:\/\/directcoffee.net\/fr\/#organization","name":"Direct Coffee","url":"https:\/\/directcoffee.net\/fr\/","logo":{"@type":"ImageObject","inLanguage":"fr-FR","@id":"https:\/\/directcoffee.net\/fr\/#\/schema\/logo\/image\/","url":"https:\/\/directcoffee.net\/wp-content\/uploads\/2017\/08\/Direct-Coffee-brown-logo-no-background.png","contentUrl":"https:\/\/directcoffee.net\/wp-content\/uploads\/2017\/08\/Direct-Coffee-brown-logo-no-background.png","width":892,"height":904,"caption":"Direct Coffee"},"image":{"@id":"https:\/\/directcoffee.net\/fr\/#\/schema\/logo\/image\/"},"sameAs":["https:\/\/fb.com\/directcoffee.net","https:\/\/x.com\/DirectCoffeeCH","https:\/\/www.instagram.com\/direct_coffee\/","https:\/\/www.youtube.com\/channel\/UCOiDLRMnkMQKFHvQQ_Ju40w"]}]}},"_links":{"self":[{"href":"https:\/\/directcoffee.net\/fr\/wp-json\/wp\/v2\/pages\/17977","targetHints":{"allow":["GET"]}}],"collection":[{"href":"https:\/\/directcoffee.net\/fr\/wp-json\/wp\/v2\/pages"}],"about":[{"href":"https:\/\/directcoffee.net\/fr\/wp-json\/wp\/v2\/types\/page"}],"author":[{"embeddable":true,"href":"https:\/\/directcoffee.net\/fr\/wp-json\/wp\/v2\/users\/8"}],"replies":[{"embeddable":true,"href":"https:\/\/directcoffee.net\/fr\/wp-json\/wp\/v2\/comments?post=17977"}],"version-history":[{"count":0,"href":"https:\/\/directcoffee.net\/fr\/wp-json\/wp\/v2\/pages\/17977\/revisions"}],"up":[{"embeddable":true,"href":"https:\/\/directcoffee.net\/fr\/wp-json\/wp\/v2\/pages\/9173"}],"wp:attachment":[{"href":"https:\/\/directcoffee.net\/fr\/wp-json\/wp\/v2\/media?parent=17977"}],"curies":[{"name":"wp","href":"https:\/\/api.w.org\/{rel}","templated":true}]}}